{"id":1803,"date":"2022-06-24T18:24:55","date_gmt":"2022-06-24T16:24:55","guid":{"rendered":"http:\/\/ebcd.es\/?page_id=1803"},"modified":"2022-10-28T12:41:55","modified_gmt":"2022-10-28T10:41:55","slug":"gala-ebc-danza-10o-aniversario","status":"publish","type":"page","link":"https:\/\/ebcd.es\/?page_id=1803","title":{"rendered":"GALA 10\u00ba ANIVERSARIO"},"content":{"rendered":"\n<p><strong>EBC DANZA<\/strong><\/p>\n\n\n\n<p><strong>10 A\u00d1OS DE DANZA SIN L\u00cdMITE<\/strong><\/p>\n\n\n\n<figure class=\"wp-block-image size-full\"><a href=\"http:\/\/ebcd.es\/wp-content\/uploads\/2019\/09\/fic026.jpg\"><img loading=\"lazy\" decoding=\"async\" width=\"1000\" height=\"666\" src=\"http:\/\/ebcd.es\/wp-content\/uploads\/2019\/09\/fic026.jpg\" alt=\"\" class=\"wp-image-1497\" srcset=\"https:\/\/ebcd.es\/wp-content\/uploads\/2019\/09\/fic026.jpg 1000w, https:\/\/ebcd.es\/wp-content\/uploads\/2019\/09\/fic026-300x200.jpg 300w, https:\/\/ebcd.es\/wp-content\/uploads\/2019\/09\/fic026-768x511.jpg 768w, https:\/\/ebcd.es\/wp-content\/uploads\/2019\/09\/fic026-450x300.jpg 450w\" sizes=\"(max-width: 1000px) 100vw, 1000px\" \/><\/a><\/figure>\n\n\n\n<p>ACCI\u00d3N PREVIA<\/p>\n\n\n\n<p><strong>\u201cNunca fue \u00f3bice\u201d<\/strong><\/p>\n\n\n\n<p><em>FIC \u2013 Formaci\u00f3n Intensiva de Contempor\u00e1neo<\/em><\/p>\n\n\n\n<p>Direcci\u00f3n art\u00edstica: Rafael Arribas. Int\u00e9rprete: Irene \u00dabeda<\/p>\n\n\n\n<p>\u201cAquella primera vez que te vi&#8230; No pude sino pensar que&#8230;. No pude sino pensar.<\/p>\n\n\n\n<p>No fue agradable, no fue productivo, no fue \u00fatil, pero no pude evitarlo, no pude sino pensar.<\/p>\n\n\n\n<p>Aquella piel, era tan extra\u00f1a, tan ajena, parec\u00eda hecha de un material distinto a la m\u00eda, casi como si&#8230;<\/p>\n\n\n\n<p>Pero debajo hab\u00eda sangre, m\u00fasculo y hueso, me di cuenta conforme la atravesaba&#8230; llegu\u00e9 a un lugar conocido.<\/p>\n\n\n\n<p>All\u00ed dentro estaba yo.\u201d<\/p>\n\n\n\n<p>Pieza creada por estudiantes del grupo de formaci\u00f3n intensiva contempor\u00e1nea en EBC Danza (Valencia) a partir de una propuesta de taller coreogr\u00e1fico de la profesora Cristina Mart\u00ednez G\u00f3mez.<\/p>\n\n\n\n<p><strong>PRIMERA PARTE<\/strong><\/p>\n\n\n\n<p><strong>\u201cSpring fairies \u2013 Cinderella\u201d<\/strong><\/p>\n\n\n\n<p><em>B1 \u2013 Ballet 1. Profesora: Ainhoa L\u00f3pez<\/em><\/p>\n\n\n\n<p>Bailarinas: Marta Viv\u00f3, Ana S\u00e1nchez, Olivia Orta, Claudia Cifariello, Laia Olmos, Adriana Mira, Marina Saenz, Sira Brieva, Gemma Mar\u00edn, Claudia Sanju\u00e1n, Isabel Andr\u00e9s<\/p>\n\n\n\n<p>Ballet compuesto entre 1940 y 1944 por el m\u00fasico <em>Sergei Prokofiev <\/em>y coreografiado por <em>Rostislav Zakharov <\/em>estrenado el 21 de Noviembre de 1945. La obra se basa en el cuento popular de <em>Charles Perrault <\/em>en la que una joven que convive con su madrastra y sus hermanastras es obligada a trabajar como sirvienta, pero un d\u00eda se encuentra con una \u201c<em>Hada Madrina\u201d <\/em>acompa\u00f1ada de las hadas de la primavera, verano, oto\u00f1o e invierno y su vida cambia para siempre.<\/p>\n\n\n\n<p><strong>\u201cCoppelia \u2013 Vals de las horas\u201d<\/strong><\/p>\n\n\n\n<p><em>B3 \u2013 Ballet 3. Profesora: Lorena Ortiz<\/em><\/p>\n\n\n\n<p>Bailarinas: Kira Fern\u00e1ndez, Laura S\u00e1nchez, Micaela Perell\u00f3, Paola Jaud, Luc\u00eda G\u00f3mez, Bel\u00e9n Luque, Hristina Stefanova<\/p>\n\n\n\n<p>M\u00fasica: L\u00e9o Delibes.<\/p>\n\n\n\n<p>En 1974, el core\u00f3grafo George Balanchine a\u00f1adi\u00f3 esta versi\u00f3n del ballet Copp\u00e9lia al repertorio de la compa\u00f1\u00eda \u201cNew York City Ballet\u201d, revisando la obra y creando actos nuevos al ballet.<\/p>\n\n\n\n<p><strong>\u201dSerenade\u201d<\/strong><\/p>\n\n\n\n<p><em>BM \u2013 Ballet Medio. Profesora: Lorena Ortiz<\/em><\/p>\n\n\n\n<p>Bailarinas: Luc\u00eda Rodrigo, Laura Morte, \u00c1ngel Lomas, Luc\u00eda Lahiguera, Alba Voces, Claudia Narbona, Ariadna Echeverri, Yosune Camio, Greta Verd\u00fa.<\/p>\n\n\n\n<p>M\u00fasica: Piotr Ilich Tchaikovsky<\/p>\n\n\n\n<p>Estrenada por la Escuela del American Ballet en 1934. Coreograf\u00eda de George Balanchine, uno de los grandes genios de ballet del siglo XX, llev\u00f3 a la perfecci\u00f3n la cultura del ballet sin argumento. Fue uno de los creadores de la escuela de ballet cl\u00e1sico de los EE.UU. y director del \u201cNew York City Ballet\u201d, destac\u00f3 por ser uno de los fundadores del estilo neocl\u00e1sico.<\/p>\n\n\n\n<p><strong>\u201cUn vals\u201d<\/strong><\/p>\n\n\n\n<p><em>B2 \u2013 Ballet 2. Profesora: Yvette Garc\u00eda<\/em><\/p>\n\n\n\n<p>Bailarinas: Maia Bosch, Ana Acosta, Alexia Ferrer, Paula Piqueras, Aitana Santa Mar\u00eda, Laia Sancho, Vega La Casta, Marina Fern\u00e1ndez, Carmen Cavanillas, Natalia Herrera, Luc\u00eda Vidaurreta, Ana Valero, Julia Romagosa, Violeta Alonso<\/p>\n\n\n\n<p>M\u00fasica: Dimitri Shostakovich<\/p>\n\n\n\n<p>George Balanchine, maestro de ballet y core\u00f3grafo nacido en Georgia cre\u00f3 el M\u00e9todo Balanchine y es una de las figuras capitales del ballet del siglo XX. Su obra crea un puente entre el ballet cl\u00e1sico y el ballet moderno.<\/p>\n\n\n\n<p>Con la pieza \u201cUn vals\u201d que representan las alumnas de Ballet 2, hemos querido hacer referencia a dos ballets creados por Balanchine, \u201cJewels\u201d<strong>, <\/strong>un ballet creado para el New York City Ballet y estrenado el 13 de abril de 1967 en el New York State Theatre y el ballet \u201cSerenade\u201d<strong>.<\/strong><\/p>\n\n\n\n<p>Yvette es una excelente profesora de danza, antigua alumna de danza contempor\u00e1nea de Eva Bertomeu, ha tenido una exitosa carrera como bailarina profesional en compa\u00f1\u00edas de danza de Alemania y Espa\u00f1a.<\/p>\n\n\n\n<p>Yvette Garc\u00eda: <a href=\"http:\/\/ebcd.es\/?page_id=1637\">http:\/\/ebcd.es\/?page_id=1637<\/a><\/p>\n\n\n\n<p><strong>\u201cGreek dances\u201d<\/strong><\/p>\n\n\n\n<p><em>FIC \u2013 Formaci\u00f3n Intensiva de Contempor\u00e1neo. Profesora: Lorena Ortiz<\/em><\/p>\n\n\n\n<p>Bailarines: Irene \u00dabeda, Rafael Arribas, Emma Bas, Patricia Insa, Julia Esteve, Laura Bosch, Claudia Narbona, Micaela Coll<\/p>\n\n\n\n<p>M\u00fasica: Mikis Theodorakis.<\/p>\n\n\n\n<p>\u201dSiete danzas griegas\u201d fue creada en 1983 por Maurice B\u00e9jart, figura representativa de la danza del siglo XX, bailar\u00edn, core\u00f3grafo y fundador de la compa\u00f1\u00eda \u201cBallet del Siglo XX\u201d (1960) que en 1987 pas\u00f3 a llamarse B\u00e9jart Ballet Lausanne. Coreograf\u00eda en la que mezcla la t\u00e9cnica de la danza cl\u00e1sica con la fuerza de otros lenguajes corporales de ra\u00edces griegas.<\/p>\n\n\n\n<p><strong>\u201dTarantella\u201d<\/strong><\/p>\n\n\n\n<p><em>Ballet 3 Puntas. Profesora: Lorena Ortiz<\/em><\/p>\n\n\n\n<p>Bailarinas: Hristina Stefanova, Laura S\u00e1nchez, Paola Jaud, Micaela Perell\u00f3, Luc\u00eda G\u00f3mez, Kira Fern\u00e1ndez<\/p>\n\n\n\n<p>M\u00fasica: Louis Moreau Gottschalk<\/p>\n\n\n\n<p>Ballet coreografiado por George Balanchine y estrenado en 1964 por el \u201cNew York City Ballet\u201d.<\/p>\n\n\n\n<p><strong>\u201cLluvia\u201d<\/strong><\/p>\n\n\n\n<p><em>MC2 \u2013 Moderno contempor\u00e1neo 2. Profesora: Yvette Garc\u00eda<\/em><\/p>\n\n\n\n<p>Bailarinas: Ana Valero, Julia Romagosa, Violeta Alonso, Luc\u00eda Cardona, Luc\u00eda Tejedor, Elouane Jaud, Elisa Do\u00f1ate, Marina L\u00f3pez, Paula L\u00f3pez, Bel\u00e9n Luque, Aurora Escardino<\/p>\n\n\n\n<p>M\u00fasica: Melani de Biassio.<\/p>\n\n\n\n<p>ALVIN AILEY, bailar\u00edn, core\u00f3grafo, director, fue pionero en fundar una compa\u00f1\u00eda constituida \u00fanicamente por bailarines y bailarinas de raza negra. Hoy es clave en la historia de la danza hecha en Estados Unidos. Sus propias creaciones abanderaron el estilo de la Alvin Ailey American Dance Theater, residente del New York City Center, que posteriormente tom\u00f3 el mismo nombre de la compa\u00f1\u00eda. Entre el legado de Ailey, se encuentran montajes como Revelations (1960), Quintet (1968), A song for you (1972) y The Mooche (1975).<\/p>\n\n\n\n<p><strong>\u201cCarmen suite\u201d<\/strong><\/p>\n\n\n\n<p><em>Repertorio cl\u00e1sico, Puntas Medio y FIC. Profesora: Lorena Ortiz<\/em><\/p>\n\n\n\n<p>Bailarinas: Luc\u00eda Rodrigo, Laura Morte, Ariadna Echeverri, Paola Jaud, Irene \u00dabeda, Patricia Insa, Mikaela Coll<\/p>\n\n\n\n<p>M\u00fasica: Georges Bizet.<\/p>\n\n\n\n<p>Ballet del core\u00f3grafo cubano Alberto Alonso, originalmente concebido para la legendaria bailarina del Bolshoi Maya Plisetskaya, estrenado en 1967.<\/p>\n\n\n\n<p><strong>\u201cCupido (Don Quixote)\u201d<\/strong><\/p>\n\n\n\n<p><em>Repertorio cl\u00e1sico. FIC \u2013 Formaci\u00f3n Intensiva de Contempor\u00e1neo. Profesora: Lorena Ortiz<\/em><\/p>\n\n\n\n<p>Bailarina: Patricia Insa<\/p>\n\n\n\n<p>M\u00fasica: Ludwig Minkus<\/p>\n\n\n\n<p>Versi\u00f3n del ballet creada por el bailar\u00edn y core\u00f3grafo Mikhail Baryshnikov en 1978 para el \u201cAmerican Ballet Theater\u201d.<\/p>\n\n\n\n<p><strong>\u201cKitri (Don Quixote)\u201d<\/strong><\/p>\n\n\n\n<p><em>Repertorio cl\u00e1sico. FIC \u2013 Formaci\u00f3n Intensiva de Contempor\u00e1neo. Profesora: Lorena Ortiz<\/em><\/p>\n\n\n\n<p>Bailarina: Micaela Coll<\/p>\n\n\n\n<p>M\u00fasica: Ludwig Minkus<\/p>\n\n\n\n<p>Versi\u00f3n del ballet creada por el bailar\u00edn y core\u00f3grafo Mikhail Baryshnikov en 1978 para el \u201cAmerican Ballet Theater\u201d<\/p>\n\n\n\n<p><strong>\u201cNikiya (La Bayadere)\u201d<\/strong><\/p>\n\n\n\n<p><em>Repertorio cl\u00e1sico. Profesora: Lorena Ortiz<\/em><\/p>\n\n\n\n<p>Bailarinas: Luc\u00eda Rodrigo, Laura Morte<\/p>\n\n\n\n<p>M\u00fasica: Ludwig Minkus<\/p>\n\n\n\n<p>Casi todas las versiones modernas de La Bayad\u00e8re se derivan de la producci\u00f3n del Kirov Ballet de 1941. Natalia Makarova cre\u00f3 su propia versi\u00f3n en 1980 para el \u201cAmerican Ballet Theatre\u201d.<\/p>\n\n\n\n<p><strong>\u201cPizzicato (Sylvia)\u201d<\/strong><\/p>\n\n\n\n<p><em>Repertorio cl\u00e1sico. Profesora: Lorena Ortiz<\/em><\/p>\n\n\n\n<p>Bailarina: Paola Jaud, Ariadna Echeverri<\/p>\n\n\n\n<p>M\u00fasica: Leo Delibes<\/p>\n\n\n\n<p>Versi\u00f3n del ballet Sylvia creada en 1901 para el Teatro Mariinsky, con coreograf\u00eda de Ivanov\/Gerdt.<\/p>\n\n\n\n<p><strong>\u201cRomeo y Julieta\u201d<\/strong><\/p>\n\n\n\n<p><em>Repertorio cl\u00e1sico. FIC \u2013 Formaci\u00f3n Intensiva de Contempor\u00e1neo. Profesora: Lorena Ortiz<\/em><\/p>\n\n\n\n<p>Bailarina: Irene \u00dabeda<\/p>\n\n\n\n<p>M\u00fasica: Sergey Prokofiev<\/p>\n\n\n\n<p>Versi\u00f3n del famoso ballet, estrenada en 1965 por el \u201cRoyal Ballet\u201d de Londres y creada por el core\u00f3grafo Kenneth MacMillan.<\/p>\n\n\n\n<p><strong>\u201cEsplanade\u201d<\/strong><\/p>\n\n\n\n<p><em>CMA \u2013 Contempor\u00e1neo Medio. Profesora Ainhoa L\u00f3pez<\/em><\/p>\n\n\n\n<p>Bailarines: Beltr\u00e1n Botino, Laia Rocher, Laura Morte, In\u00e9s Rodrigo, Luc\u00eda Rodrigo, \u00c1ngel Lomas<\/p>\n\n\n\n<p>M\u00fasica: J. S. Bach<\/p>\n\n\n\n<p>Pieza creada en 1975 por <em>Paul Taylor<\/em>, con la m\u00fasica de <em>Johann Sebastian Bach<\/em>. La idea de la obra surgi\u00f3 cuando el core\u00f3grafo observ\u00f3 a una mujer corriendo para alcanzar el autob\u00fas. La obra se basa principalmente en los movimientos cotidianos de los viandantes.<\/p>\n\n\n\n<p><strong>\u201cRecordando a Pina\u201d<\/strong><\/p>\n\n\n\n<p><em>MC3 \u2013 Moderno Contempor\u00e1neo 3. Profesora: Eva Bertomeu<\/em><\/p>\n\n\n\n<p>Bailarinas: Claudia Llos\u00e1, Laura S\u00e1nchez, Paola Jaud, Anika Poirier, Anna Sipos, Kira Fern\u00e1ndez, Nuria Veintimilla, Micaela Perell\u00f3<\/p>\n\n\n\n<p>M\u00fasica: Jun Miyake<\/p>\n\n\n\n<p>Pina Bausch (1940-2009), fue una bailarina, core\u00f3grafa y directora alemana, y es una figura clave de la danza contempor\u00e1nea. Con su estilo vanguardista Bausch propone piezas de danza compuestas en cooperaci\u00f3n entre distintas expresiones art\u00edsticas, que se enmarcan en la corriente de la Danza Teatro de la cual Bausch es pionera.<\/p>\n\n\n\n<p>\u201cRecordando a Pina\u201d es nuestro peque\u00f1o homenaje a esta gran core\u00f3grafa; esta pieza intenta mostrar su gestualidad, teatralidad y vitalidad al crear. La m\u00fasica pertenece a la banda sonora de uno de sus documentales, \u201cLilies of the valley\u201d. Pina sol\u00eda engalanar a las mujeres siempre con vestidos, tambi\u00e9n en eso hemos querido ser fieles a su estilo.<\/p>\n\n\n\n<p><strong>\u201cPaquita\u201d<\/strong><\/p>\n\n\n\n<p><em>Repertorio cl\u00e1sico. Profesora: Lorena Ortiz<\/em><\/p>\n\n\n\n<p>Bailarina: Ariadna Echeverri<\/p>\n\n\n\n<p>M\u00fasica: Ludwig Minkus<\/p>\n\n\n\n<p><em>Paquita<\/em>&nbsp;es la creaci\u00f3n del compositor franc\u00e9s \u00c9douard Deldevez y el maestro de Ballet&nbsp;de la \u00d3pera de Par\u00eds Joseph Mazilier estrenada en 1846. En 1882 en el Ballet imperial de San Petersburgo, Marius Petipa produjo una adaptaci\u00f3n del ballet al que a\u00f1adi\u00f3 nuevas piezas musicales compuestas por Ludwig Minkus.<\/p>\n\n\n\n<p>En 1978, Oleg Vinogr\u00e1dov, director art\u00edstico del Ballet Mariinski (llamado entonces Ballet K\u00edrov) escenific\u00f3 una versi\u00f3n nueva.<\/p>\n\n\n\n<p><strong>\u201cGo! Go!\u201d<\/strong><\/p>\n\n\n\n<p><em>Repertorio contempor\u00e1neo. Profesora: Eva Bertomeu<\/em><\/p>\n\n\n\n<p>Bailarinas: Luc\u00eda Rodrigo, Laura Morte, Clara Mart\u00ednez<\/p>\n\n\n\n<p>M\u00fasica: Paul Kalkbrenner<\/p>\n\n\n\n<p>Los a\u00f1os 70 y 80 del siglo pasado fueron determinantes en la danza posmoderna; las coreograf\u00edas, los musicales y las series ensalzaban la Danza como un arte vitalista y tambi\u00e9n con el que se pod\u00eda expresar cualquier tipo de sentimiento e idea.<\/p>\n\n\n\n<p>En esta coreograf\u00eda hemos querido recoger esta ilusi\u00f3n por bailar que se pod\u00eda ver en series de televisi\u00f3n tan populares como \u201cFame\u201d. Algunos todav\u00eda recordamos el discurso de la maestra Lydia Grant al comienzo del curso: \u201c<em>Ten\u00e9is sue\u00f1os. Busc\u00e1is la fama, pero la fama cuesta. Pues aqu\u00ed es donde vais a empezar a pagar, con sudor<\/em>.\u201d<\/p>\n\n\n\n<p>Eva Bertomeu es la fundadora de la compa\u00f1\u00eda y escuela EBC Danza, adem\u00e1s es profesora especialista en el Conservatorio Superior de Danza de Valencia. Ha tenido una de las carreras art\u00edsticas y profesionales m\u00e1s destacadas de la Danza contempor\u00e1nea valenciana. Es la responsable de que hoy estemos aqu\u00ed celebrando esta gala.<\/p>\n\n\n\n<p>Eva Bertomeu: <a href=\"http:\/\/ebcd.es\/?page_id=1060\">http:\/\/ebcd.es\/?page_id=1060<\/a><\/p>\n\n\n\n<p>INTERMEDIO \u2013 10 minutos<\/p>\n\n\n\n<p>SEGUNDA PARTE<\/p>\n\n\n\n<p><strong>\u201cAnne y Bob\u201d<\/strong><\/p>\n\n\n\n<p><em>CMC \u2013 Contempor\u00e1neo Medio y <\/em><em>FIC \u2013 Formaci\u00f3n Intensiva de Contempor\u00e1neo.<\/em><\/p>\n\n\n\n<p><em>Profesora: Chrisitne Cloux<\/em><\/p>\n\n\n\n<p>Bailarines: Ana Cano, Laia Rocher, Sheila Montes, Yosune Camio, \u00c1ngel Lomas, Irene \u00dabeda, Rafael Arribas, Emma Bas, Patricia Insa, Julia Esteve, Laura Bosch, Claudia Narbona, Micaela Coll<\/p>\n\n\n\n<p>M\u00fasica: Thierry De Mey y Peter Vermeersch<\/p>\n\n\n\n<p>Sillas y personas sentadas en ellas, \u00e9sta ha sido la primera imagen que tuve ideando esta coreograf\u00eda. A partir de este momento me llegaron otras im\u00e1genes, pero estas ven\u00edan acompa\u00f1adas de nombres y apellidos: Anne Teresa de Keersmaeker y Bob Fosse.<\/p>\n\n\n\n<p>Entonces, las alumnas y los alumnos ten\u00edan integrados materiales coreogr\u00e1ficos trabajados en clase de los cuales aprovech\u00e9 algunos movimientos de una secuencia de la coreograf\u00eda \u201c<em>Set and Reset\u201d <\/em>de Trisha Brown que llevaban ensayando desde hac\u00eda unas semanas.<\/p>\n\n\n\n<p>Bob Fosse, Trisha Brown y Anne Teresa de Keersmaekermarcaron, cada uno con su estilo, el panorama de la danza del siglo XX y XXI y, gracias a que no dejaban de rondar en mi cabeza haci\u00e9ndose cada vez m\u00e1s presentes a medida que iba componiendo, no me qued\u00f3 m\u00e1s que conjugar mi idea con el trabajo de los alumnos y con lo que estos tres hacedores de danza me inspiran para seguir adelante con mi prop\u00f3sito.<\/p>\n\n\n\n<p>Gracias por el legado, el talento, la perseverancia y el amor a la danza.<\/p>\n\n\n\n<p>Gracias a las bailarinas y a los bailarines, sin ellas y sin ellos desaparece la figura y la funci\u00f3n de la core\u00f3grafa y del core\u00f3grafo.<\/p>\n\n\n\n<p>Christine Cloux es una excelente bailarina, core\u00f3grafa y profesora que colabora frecuentemente con la compa\u00f1\u00eda EBC Danza, para la que ha creado piezas como \u00abNereidas\u00bb y ha bailado en otras como \u00abius primae noctis\u00bb, \u00ab1+1 articular\u00bb&#8230; Actualmente ha creado una pieza nueva junto a Eva Bertomeu titulada \u00abLa piel\u00bb y estrena en el Festival L&#8217;Esclat de Aldaia en 2022.<\/p>\n\n\n\n<p>Christine Cloux: <a href=\"http:\/\/ebcd.es\/?page_id=1311\">http:\/\/ebcd.es\/?page_id=1311<\/a><\/p>\n\n\n\n<p><strong>\u201cAbajo el tel\u00f3n\u201d (extracto)<\/strong><\/p>\n\n\n\n<p><em>Bailarina invitada: Estefan\u00eda Molina<\/em><\/p>\n\n\n\n<p><em>Coreograf\u00eda: Eva Bertomeu<\/em><\/p>\n\n\n\n<p><em>M\u00fasica: J. S. Bach, F. Chopin<\/em><\/p>\n\n\n\n<p>La pieza fue encargada por Teatres de la Generalitat Valenciana para la conmemoraci\u00f3n del 10\u00ba aniversario del Centro coreogr\u00e1fico de la Comunidad Valenciana y se estren\u00f3 en 2008 en el Festival Dansa Valencia. Eva Bertomeu interpret\u00f3 esta pieza en diferentes festivales de Espa\u00f1a y en el XXI Festival Internacional de Ballet de La Habana, Cuba.<\/p>\n\n\n\n<p>Estefan\u00eda Molina interpreta las 2 primeras secciones de este solo, que se completaba con una tercera parte con m\u00fasica de Bobby Darin. Un solo que reflexiona sobre la experiencia vivida sobre las tablas de un escenario.<\/p>\n\n\n\n<p>Estefan\u00eda perteneci\u00f3 a la 4\u00aa promoci\u00f3n del programa FIC EBC Danza, siendo una de las becadas de aquel curso; tambi\u00e9n bail\u00f3 en la producci\u00f3n \u201cEl vac\u00edo lleno\u201d de EBC Danza en Madrid y Valencia.<\/p>\n\n\n\n<p><strong>\u201cLos hilos entre nosotros\u201d<\/strong><\/p>\n\n\n\n<p><em>FIC \u2013 Formaci\u00f3n Intensiva de Contempor\u00e1neo. Profesora: Lynette Lim<\/em><\/p>\n\n\n\n<p><em>Coreograf\u00eda: Lynette Lim<\/em><\/p>\n\n\n\n<p>Bailarines: Irene \u00dabeda, Rafael Arribas, Emma Bas, Patricia Insa, Julia Esteve, Laura Bosch, Claudia Narbona, Micaela Coll<\/p>\n\n\n\n<p>M\u00fasica: Untitled (Figures) &#8211; Max Richter<\/p>\n\n\n\n<p>\u00abLos hilos entre nosotros\u00bb trata sobre las conexiones invisibles entre todos nosotros. Los delgados hilos de experiencias compartidas que pueden conectar a un extra\u00f1o con otro.<\/p>\n\n\n\n<p>Lynette Lim es una excelente bailarina y profesora de danza contempor\u00e1nea que ha desarrollado su carrera art\u00edstica en la compa\u00f1\u00eda The Human Expression de Singapur entre otras, bailando en festivales de todo el mundo. Actualmente colabora con EBC Danza en el programa FIC.<\/p>\n\n\n\n<p><strong>\u201cEl cisne\u201d<\/strong><\/p>\n\n\n\n<p>Bailarina invitada: Mariola Mataix<\/p>\n\n\n\n<p>Coreograf\u00eda: Eva Bertomeu<\/p>\n\n\n\n<p>M\u00fasica: Camille Saint-Sa\u00ebns<\/p>\n\n\n\n<p>\u201cLa muerte del cisne\u201d es una pieza de ballet coreografiada por Michel Fokine sobre la composici\u00f3n musical \u201c<em>Le cygne<\/em>\u201d de \u201c<em>Le carnaval des animaux<\/em>\u201d de Camille Saint-Sa\u00ebns (1886). Inspirada por un poema de Alfred Tennyson y por cisnes que vio en parques y jardines en 1905 la famosa bailarina Anna P\u00e1vlova trabaj\u00f3 con Michel Fokine en esta pieza de danza que ilustra los \u00faltimos momentos de un cisne herido.<\/p>\n\n\n\n<p>En este caso, Eva Bertomeu se inspira en la esencia de la coreograf\u00eda y compone una nueva creaci\u00f3n con una visi\u00f3n personal, una suerte de anagrama danzado donde el movimiento original experimenta una transmutaci\u00f3n hacia una expresi\u00f3n contempor\u00e1nea donde nuestra cisne ni est\u00e1 herida ni muere sino que se deshace de amor.<\/p>\n\n\n\n<p>Baila Mariola Mataix, antigua alumna becada del 9\u00ba FIC EBC Danza. Fue seleccionada para participar en el Concurso Nacional de Danza Ciudad de Castell\u00f3n 2021. El mismo a\u00f1o bail\u00f3 con EBC Danza en la producci\u00f3n \u00abUn baile de carnaval\u00bb creada por Eva Bertomeu con la Orquesta de Valencia.<\/p>\n\n\n\n<p><strong>\u201cius\u201d (extracto)<\/strong><\/p>\n\n\n\n<p><em>FIC \u2013 Formaci\u00f3n Intensiva de Contempor\u00e1neo. <\/em>Coreograf\u00eda: Eva Bertomeu<\/p>\n\n\n\n<p>Bailarines: Irene \u00dabeda, Rafael Arribas, Emma Bas, Patricia Insa, Julia Esteve, Laura Bosch, Claudia Narbona, Micaela Coll<\/p>\n\n\n\n<p>M\u00fasica: Zo\u00eb Keating<\/p>\n\n\n\n<p>Presentamos una adaptaci\u00f3n para 8 bailarines del extracto final de la obra \u201cius primae noctis\u201d, creada por Eva Bertomeu para el espect\u00e1culo \u201c3XX\u201d, y estrenado en 2010. Una pieza muy din\u00e1mica para 4 bailarines que gir\u00f3 por festivales y teatros de Espa\u00f1a, Francia y B\u00e9lgica.<\/p>\n\n\n\n<div class=\"wp-block-group\"><div class=\"wp-block-group__inner-container is-layout-flow wp-block-group-is-layout-flow\">\n<p><strong>\u201cDe aqu\u00ed p\u2019all\u00e1\u201d<\/strong><\/p>\n\n\n\n<p><em>Bailar\u00edn invitado y core\u00f3grafo: Albert Garc\u00eda<\/em><\/p>\n\n\n\n<p>M\u00fasica: Gossamer<\/p>\n<\/div><\/div>\n\n\n\n<p>Bailar\u00edn, profesor y core\u00f3grafo de Danza contepor\u00e1nea, dirige la compa\u00f1\u00eda eLeCeDe. Ha bailado con EBC Danza,&nbsp;La Coja Dansa,&nbsp;El Colegio del Cuerpo \u2013 Alvaro Restrepo y Periferia C\u00eda., (Colombia),&nbsp;Constanza Macras-Dorky Park, el Staats Oper Berlin (Alemania) y La Scalla de Milano (Siegfried) con Sidi Larbi Cherkaoui, en&nbsp;Art Chang\u00e9 Company, la producci\u00f3n Deutsch Requiem Johanes Brahms por Schangchi Sun (Sasha Waltz and Guests) en N\u00fcrnberg, Radial System Berlin, Winterthur and Bad Lauchst\u00e4dt by Lautten Compagney,&nbsp;Festival Baskicher Coreographen Berlin por Mikel Aristegui, con&nbsp;La Fura dels Baus-Deutche Oper K\u00f6lln, en&nbsp;Plan B Danza (Tarragona) y con Roberto Oliv\u00e1n (Barcelona) entre otros.<\/p>\n\n\n\n<p>Albert Garc\u00eda es uno de los profesores invitados de confianza del programa FIC EBC Danza y ha colaborado con Eva Bertomeu como bailar\u00edn, core\u00f3grafo y asistente en diferentes producciones.<\/p>\n\n\n\n<p><strong>\u201cIt starts now\u201d<\/strong><\/p>\n\n\n\n<p>Bailar\u00edn invitado y core\u00f3grafo: Adri\u00e1n Ros<\/p>\n\n\n\n<p>M\u00fasica: Blond:ish. Texto: Alan Watts<\/p>\n\n\n\n<p>Creaci\u00f3n original de Adri\u00e1n Ros para la celebraci\u00f3n de esta gala. Formado en el Conservatorio de Ribarroja, el Central School of Ballet en Londres y en el 1er FIC &#8211; EBC Danza de Valencia, donde obtuvo la 1\u00aa beca completa.<\/p>\n\n\n\n<p>Trabaja con renombrados core\u00f3grafos como Gustavo Ram\u00edrez, Cayetano Soto, Ohad Naharin, Stijn Celis, Goyo Montero, Angelin Preljocaj, Anna Konjetzky, Marco Goecke, Asun Noales, Annett G\u00f6hre, Thomas Noone y Paloma Mu\u00f1oz entre muchos otros a lo largo de su trayectoria profesional en las compa\u00f1\u00edas Otra Danza, CienfuegosDanza, Taiat Dansa, Ballet de la Generalitat, Ballett Staatstheater N\u00fcrnberg, Ballett des Theaters Plauen Zwickau, Saarl\u00e4ndisches Staatsballett y TanzLabor Ulm.<\/p>\n\n\n\n<p><strong>\u201cEl vac\u00edo lleno\u201d<\/strong><\/p>\n\n\n\n<p>Bailarines invitados: Lorena Ortiz, Albert Garc\u00eda<\/p>\n\n\n\n<p>Coreograf\u00eda: Eva Bertomeu<\/p>\n\n\n\n<p>M\u00fasica: Tryad<\/p>\n\n\n\n<p>Extracto de la obra \u201cEl vac\u00edo lleno\u201d de Eva Bertomeu, creada tras una residencia en el Centro Cultural Conde Duque de Madrid (2016), se estrena en 2017 en el festival Dansa Valencia. La obra aborda el v\u00e9rtigo y el miedo al vac\u00edo, a la ausencia de inspiraci\u00f3n, de amor y a la exposici\u00f3n p\u00fablica de las emociones. \u201cEl vac\u00edo lleno\u201d es una prueba de amor.<\/p>\n\n\n\n<p>Interpretan un extracto de la obra Lorena Ortiz y Albert Garc\u00eda, excelentes bailarines y profesores de EBC Danza y colaboradores \u00edntimos de Eva Bertomeu. Ambos han tenido una carrera profesional excepcional tanto en Espa\u00f1a como en compa\u00f1\u00edas de Alemania e Italia.<\/p>\n\n\n\n<p>Pod\u00e9is ver un resumen de su experiencia profesional aqu\u00ed:<\/p>\n\n\n\n<p>Lorena Ortiz <a href=\"http:\/\/ebcd.es\/?page_id=1232\">http:\/\/ebcd.es\/?page_id=1232<\/a><\/p>\n\n\n\n<p>Albert Garc\u00eda <a href=\"http:\/\/ebcd.es\/?page_id=1306\">http:\/\/ebcd.es\/?page_id=1306<\/a><\/p>\n\n\n\n<p>SALUDOS<\/p>\n\n\n\n<p>FELIZ VERANO 2022<\/p>\n","protected":false},"excerpt":{"rendered":"<p>EBC DANZA 10 A\u00d1OS DE DANZA SIN L\u00cdMITE ACCI\u00d3N PREVIA \u201cNunca fue \u00f3bice\u201d FIC \u2013 Formaci\u00f3n Intensiva de Contempor\u00e1neo Direcci\u00f3n art\u00edstica: Rafael Arribas. Int\u00e9rprete: Irene \u00dabeda \u201cAquella primera vez que te vi&#8230; No pude sino pensar que&#8230;. No pude sino &hellip; <a href=\"https:\/\/ebcd.es\/?page_id=1803\">Sigue leyendo <span class=\"meta-nav\">&rarr;<\/span><\/a><\/p>\n","protected":false},"author":2,"featured_media":0,"parent":0,"menu_order":0,"comment_status":"closed","ping_status":"closed","template":"","meta":{"footnotes":""},"_links":{"self":[{"href":"https:\/\/ebcd.es\/index.php?rest_route=\/wp\/v2\/pages\/1803"}],"collection":[{"href":"https:\/\/ebcd.es\/index.php?rest_route=\/wp\/v2\/pages"}],"about":[{"href":"https:\/\/ebcd.es\/index.php?rest_route=\/wp\/v2\/types\/page"}],"author":[{"embeddable":true,"href":"https:\/\/ebcd.es\/index.php?rest_route=\/wp\/v2\/users\/2"}],"replies":[{"embeddable":true,"href":"https:\/\/ebcd.es\/index.php?rest_route=%2Fwp%2Fv2%2Fcomments&post=1803"}],"version-history":[{"count":4,"href":"https:\/\/ebcd.es\/index.php?rest_route=\/wp\/v2\/pages\/1803\/revisions"}],"predecessor-version":[{"id":1870,"href":"https:\/\/ebcd.es\/index.php?rest_route=\/wp\/v2\/pages\/1803\/revisions\/1870"}],"wp:attachment":[{"href":"https:\/\/ebcd.es\/index.php?rest_route=%2Fwp%2Fv2%2Fmedia&parent=1803"}],"curies":[{"name":"wp","href":"https:\/\/api.w.org\/{rel}","templated":true}]}}