{"id":1356,"date":"2018-09-09T20:32:17","date_gmt":"2018-09-09T18:32:17","guid":{"rendered":"http:\/\/ebcd.es\/?page_id=1356"},"modified":"2021-08-31T11:58:25","modified_gmt":"2021-08-31T09:58:25","slug":"toni-aparisi","status":"publish","type":"page","link":"https:\/\/ebcd.es\/?page_id=1356","title":{"rendered":"TONI APARISI"},"content":{"rendered":"<div class=\"\" data-block=\"true\" data-editor=\"182l7\" data-offset-key=\"ejp3t-0-0\">\n<div data-offset-key=\"ejp3t-0-0\"><a href=\"http:\/\/ebcd.es\/wp-content\/uploads\/2019\/05\/ebd1432.jpg\"><img loading=\"lazy\" decoding=\"async\" class=\"alignnone size-large wp-image-1465\" src=\"http:\/\/ebcd.es\/wp-content\/uploads\/2019\/05\/ebd1432-681x1024.jpg\" alt=\"\" width=\"584\" height=\"878\" srcset=\"https:\/\/ebcd.es\/wp-content\/uploads\/2019\/05\/ebd1432-681x1024.jpg 681w, https:\/\/ebcd.es\/wp-content\/uploads\/2019\/05\/ebd1432-200x300.jpg 200w, https:\/\/ebcd.es\/wp-content\/uploads\/2019\/05\/ebd1432.jpg 700w\" sizes=\"(max-width: 584px) 100vw, 584px\" \/><\/a><\/div>\n<div class=\"_1mf _1mj\" data-offset-key=\"ejp3t-0-0\"><span data-offset-key=\"ejp3t-0-0\"><strong>Toni Aparisi<\/strong> es int\u00e9rprete, core\u00f3grafo y director de obras de danza contempor\u00e1nea. Su formaci\u00f3n abarca un amplio abanico de experiencias art\u00edsticas que lo configuran en su manera de hacer. Desde el arte dram\u00e1tico, la performance pasando por artes marciales como el aikido hasta las diferentes t\u00e9cnicas y estilos de danza contempor\u00e1nea. Adem\u00e1s, es profesor de Yoga titulado por la A.E.P.Y.<\/span><\/div>\n<\/div>\n<div class=\"\" data-block=\"true\" data-editor=\"182l7\" data-offset-key=\"64dq7-0-0\">\n<div class=\"_1mf _1mj\" data-offset-key=\"64dq7-0-0\"><span data-offset-key=\"64dq7-0-0\">\u00a0<\/span><\/div>\n<\/div>\n<div class=\"\" data-block=\"true\" data-editor=\"182l7\" data-offset-key=\"cq45b-0-0\">\n<div class=\"_1mf _1mj\" data-offset-key=\"cq45b-0-0\"><span data-offset-key=\"cq45b-0-0\">Parte importante de su formaci\u00f3n es el trabajo realizado para multitud de core\u00f3grafos nacionales e internacionales como: Olga Poliakoff, Gerard Collins, Gracel Meneu, Vicente Sa\u00e9z, Francesc Bravo, Santiago Sempere (entre otros). No solo trabaja como profesor sino que tambi\u00e9n crea piezas para su compa\u00f1\u00eda y recibe trabajos por encargo como las producciones desarrolladas para Ananda Dansa, Palau de la M\u00fasica (Valencia), Centro Coreogr\u00e1fico de Valencia, Centro Coreogr\u00e1fico de Galicia, Compa\u00f1\u00eda Arden, Festival de MIM a Sueca, Grupo Instrumental de Valencia, Grupo de Percusi\u00f3n Amores, Teatro Buffo, PTV Clown, Vianants Danza.<\/span><\/div>\n<\/div>\n<div class=\"\" data-block=\"true\" data-editor=\"182l7\" data-offset-key=\"7g2v9-0-0\">\n<div class=\"_1mf _1mj\" data-offset-key=\"7g2v9-0-0\"><span data-offset-key=\"7g2v9-0-0\">\u00a0<\/span><\/div>\n<\/div>\n<div class=\"\" data-block=\"true\" data-editor=\"182l7\" data-offset-key=\"dmu44-0-0\">\n<div class=\"_1mf _1mj\" data-offset-key=\"dmu44-0-0\"><span data-offset-key=\"dmu44-0-0\">Ha sido galardonado con<\/span><\/div>\n<\/div>\n<div class=\"\" data-block=\"true\" data-editor=\"182l7\" data-offset-key=\"1k99-0-0\">\n<div class=\"_1mf _1mj\" data-offset-key=\"1k99-0-0\"><span data-offset-key=\"1k99-0-0\">&#8211; <strong>3 Premios Max<\/strong>: Al mejor Int\u00e9rprete por Alma (<strong>2007<\/strong>) &#8211; Al mejor Int\u00e9rprete por Pinoxxio (<strong>2016<\/strong>) &#8211; A la mejor Coreograf\u00eda por Pinoxxio junto a Ros\u00e1ngeles Valls (<strong>2016<\/strong>).<\/span><\/div>\n<\/div>\n<div class=\"\" data-block=\"true\" data-editor=\"182l7\" data-offset-key=\"7blrg-0-0\">\n<div class=\"_1mf _1mj\" data-offset-key=\"7blrg-0-0\"><span data-offset-key=\"7blrg-0-0\">&#8211; <strong>4 Premios Abril<\/strong> a mejor Int\u00e9rprete masculino de danza.<\/span><\/div>\n<\/div>\n<div class=\"\" data-block=\"true\" data-editor=\"182l7\" data-offset-key=\"e7ish-0-0\">\n<div class=\"_1mf _1mj\" data-offset-key=\"e7ish-0-0\"><span data-offset-key=\"e7ish-0-0\">&#8211; <strong>Ganador del IV Certamen Coreogr\u00e1fico de Madrid<\/strong> con Trapping, que es gerundio , y premio al mejor Int\u00e9rprete masculino.<\/span><\/div>\n<\/div>\n","protected":false},"excerpt":{"rendered":"<p>Toni Aparisi es int\u00e9rprete, core\u00f3grafo y director de obras de danza contempor\u00e1nea. Su formaci\u00f3n abarca un amplio abanico de experiencias art\u00edsticas que lo configuran en su manera de hacer. Desde el arte dram\u00e1tico, la performance pasando por artes marciales como &hellip; <a href=\"https:\/\/ebcd.es\/?page_id=1356\">Sigue leyendo <span class=\"meta-nav\">&rarr;<\/span><\/a><\/p>\n","protected":false},"author":2,"featured_media":0,"parent":1353,"menu_order":0,"comment_status":"closed","ping_status":"closed","template":"","meta":{"footnotes":""},"_links":{"self":[{"href":"https:\/\/ebcd.es\/index.php?rest_route=\/wp\/v2\/pages\/1356"}],"collection":[{"href":"https:\/\/ebcd.es\/index.php?rest_route=\/wp\/v2\/pages"}],"about":[{"href":"https:\/\/ebcd.es\/index.php?rest_route=\/wp\/v2\/types\/page"}],"author":[{"embeddable":true,"href":"https:\/\/ebcd.es\/index.php?rest_route=\/wp\/v2\/users\/2"}],"replies":[{"embeddable":true,"href":"https:\/\/ebcd.es\/index.php?rest_route=%2Fwp%2Fv2%2Fcomments&post=1356"}],"version-history":[{"count":3,"href":"https:\/\/ebcd.es\/index.php?rest_route=\/wp\/v2\/pages\/1356\/revisions"}],"predecessor-version":[{"id":1466,"href":"https:\/\/ebcd.es\/index.php?rest_route=\/wp\/v2\/pages\/1356\/revisions\/1466"}],"up":[{"embeddable":true,"href":"https:\/\/ebcd.es\/index.php?rest_route=\/wp\/v2\/pages\/1353"}],"wp:attachment":[{"href":"https:\/\/ebcd.es\/index.php?rest_route=%2Fwp%2Fv2%2Fmedia&parent=1356"}],"curies":[{"name":"wp","href":"https:\/\/api.w.org\/{rel}","templated":true}]}}